{"id":1929,"date":"2026-08-21T21:04:38","date_gmt":"2026-08-21T19:04:38","guid":{"rendered":"https:\/\/www.lettereadioealluomo.com\/wordpress\/?page_id=1929"},"modified":"2026-08-21T23:44:04","modified_gmt":"2026-08-21T21:44:04","slug":"volvettaria","status":"publish","type":"page","link":"https:\/\/www.lettereadioealluomo.com\/wordpress\/volvettaria\/","title":{"rendered":"VOLVETTARIA FUNGO TRA GLI OLIVI A CASTIGLION FIBOCCHI E DINTORNI"},"content":{"rendered":"\n<pre class=\"wp-block-verse has-text-align-center has-vivid-red-color has-text-color has-background has-link-color wp-elements-1\" style=\"background-color:#edfffe\"><a href=\"https:\/\/www.lettereadioealluomo.com\/Index.htm\">Home<\/a>       <a href=\"https:\/\/www.lettereadioealluomo.com\/wordpress\/index-wordpress\/\" data-type=\"page\" data-id=\"374\">Index WordPress<\/a>       <a href=\"#Torna-su\">Gi\u00f9<\/a><\/pre>\n\n\n\n<figure class=\"wp-block-image size-full\"><img decoding=\"async\" width=\"664\" height=\"462\" data-src=\"https:\/\/www.lettereadioealluomo.com\/wordpress\/wp-content\/uploads\/2026\/08\/1000009170.jpg\" alt=\"\" class=\"wp-image-1955 lazyload\" data-srcset=\"https:\/\/www.lettereadioealluomo.com\/wordpress\/wp-content\/uploads\/2026\/08\/1000009170.jpg 664w, https:\/\/www.lettereadioealluomo.com\/wordpress\/wp-content\/uploads\/2026\/08\/1000009170-300x209.jpg 300w, https:\/\/www.lettereadioealluomo.com\/wordpress\/wp-content\/uploads\/2026\/08\/1000009170-388x270.jpg 388w\" data-sizes=\"(max-width: 664px) 100vw, 664px\" src=\"data:image\/svg+xml;base64,PHN2ZyB3aWR0aD0iMSIgaGVpZ2h0PSIxIiB4bWxucz0iaHR0cDovL3d3dy53My5vcmcvMjAwMC9zdmciPjwvc3ZnPg==\" style=\"--smush-placeholder-width: 664px; --smush-placeholder-aspect-ratio: 664\/462;\" \/><figcaption class=\"wp-element-caption\"><em><strong>Covo di Volvettarie<\/strong>. Le pi\u00f9 giovani hanno ancora il cappello convesso o semichiuso<\/em>.<\/figcaption><\/figure>\n\n\n<p><span style=\"font-weight: 400;\">Tra gli olivi nel periodo della raccolta delle olive, tra ottobre-novembre, approfittando delle erbe e del tritume depositato dai trinciaerba (fungo amicorizzico), cresce un fungo commestibile, di nome <\/span><b>Volvettaria o Volvaria o Volvopluteus<\/b><span style=\"font-weight: 400;\">&#8230;<\/span><\/p>\n<p style=\"text-align: center;\"><b><i><span style=\"color: #ff0000;\">Volvopluteus gloiocephalus<\/span> .<\/i><\/b><\/p>\n<p><span style=\"font-weight: 400;\">Attratto dalla sua frequenza e rustica bellezza, ho pensato di chiedere al popolo dei dintorni, come lo chiamasse e se era buono da mangiare. Ma nessuno seppe\u00a0 rispondermi. Nemmeno il campione dei cercatori di funghi,\u00a0 il barista chiamato &#8220;Massimo&#8221; , del bar Ponteburiano.<\/span><\/p>\n<p><span style=\"font-weight: 400;\">Perci\u00f2 ho deciso di lavorare in proprio, venendo meno al primo principio del raccoglitore:<\/span><i><span style=\"font-weight: 400;\"> non raccogliere un fungo che non conosci o non sei sicuro che sia commestibile<\/span><\/i><span style=\"font-weight: 400;\">.<\/span><\/p>\n<p><span style=\"font-weight: 400;\">Ne ho raccolti alcuni e li ho fotograifati e osservati attentamente, confrontandoli nel manuale. Alla fine ho creduto riconoscere la suddetta <span style=\"color: #ff0000;\">Volvettaria<\/span>.<\/span><\/p>\n<p><span style=\"font-weight: 400;\">Essa <span style=\"color: #0000ff;\">si pu\u00f2 descrivere in questo modo<\/span>:<\/span><\/p>\n<p><span style=\"font-weight: 400;\">\u00ab<strong>Altezza<\/strong> media 10-13 cm.<\/span><\/p>\n<p><span style=\"font-weight: 400;\"><strong>Colore<\/strong> sopra, caff\u00e8 latte, ombrello tondo e aperto ma piu scuro al centro.<\/span><\/p>\n<p><span style=\"font-weight: 400;\"><strong>Gambo<\/strong> bianco senza anelli, ma alla base una calza di uno due cm, molto fine di spessore.<\/span><\/p>\n<p><span style=\"font-weight: 400;\"><strong>Cresce<\/strong> preferibilmente nei campi e lungo le prode dei medesimi.<\/span><\/p>\n<p><span style=\"font-weight: 400;\">Nel mio caso i funghi\u00a0 sono stati\u00a0 presi dall&#8217;oliveto bio, senza trattamenti invadenti. Erano sparsi qua e la nel campo, lontani dagli olivi e in mezzo all&#8217;erba, dove \u00e8 facile vederli.<\/span><\/p>\n<p><span style=\"font-weight: 400;\">La <strong>parte sottostante<\/strong> dell&#8217;ombrello \u00e8 lamellata e marrone chiaro negli adulti; mentre nei pi\u00f9 giovani tende al bianco.<\/span><\/p>\n<p><span style=\"font-weight: 400;\">L<strong>&#8216;ombrello<\/strong> degli adulti \u00e8 tondo e piatto; quello dei pi\u00f9 giovani \u00e8 convesso, simile a una berretta.<\/span><\/p>\n<p><span style=\"font-weight: 400;\"><strong>Se odorati appena estratti<\/strong>, non hanno alcun profumo che si distingue bene; tuttavia se messi in gratella con olio di oliva e sale, sprigionano un sapore molto buono, decisamente di funghi freschi, anche se promossi ulteriormente, dalla azione culinaria dell&#8217;olio d&#8217;oliva e del sale&#8230;\u00bb.<\/span><\/p>\n<p><span style=\"font-weight: 400;\">In conclusione, avendo raggiunta la convinzione che erano buoni e commestibili, <span style=\"color: #0000ff;\">ne ho <\/span><\/span><span style=\"font-weight: 400; color: #0000ff;\">mangiati un centinaio <\/span><span style=\"font-weight: 400;\">nell&#8217;arco di una quindicina di giorni; un paio di volte ne ho ricavato pure una frittata morbida, con le uova sbattute, che pu\u00f2 consumarsi da sola come frittata e pane toscano; oppure quale condimento degli spaghetti col morso moderato del pepe o del peperoncino piccante, tritato finemente.\u00a0<\/span><\/p>\n<p><span style=\"font-weight: 400;\">Tali Volvettarie,\u00a0 <strong>potete consumarle<\/strong> anche voi tranquillamente, magari ampliandone la potenzialit\u00e0 culinaria quale ennesimo prodotto, molto tipico e spontaneo, del luogo..<\/span><\/p>\n<p><span style=\"color: #ff0000;\">Se prelevate dagli oliveti, assicurarsi che il sistema produttivo, sia biologico<\/span>; in caso contrario sceglierle al limitare dei greppi e del bosco, andando sul sicuro.<\/p>\n\n\n<pre class=\"wp-block-verse has-text-align-center has-vivid-red-color has-text-color has-background has-link-color wp-elements-2\" id=\"Torna-su\" style=\"background-color:#edfffe\">       <a href=\"https:\/\/www.lettereadioealluomo.com\/Index.htm\">Home<\/a>             <br><br>       <a href=\"https:\/\/www.lettereadioealluomo.com\/wordpress\/index-wordpress\/\" data-type=\"page\" data-id=\"374\">Index WordPress<\/a>            <br><br><a href=\"#masthead\">Torna su<\/a>.   <\/pre>\n\n\n\n<figure class=\"wp-block-image size-large\"><img decoding=\"async\" width=\"979\" height=\"1024\" data-src=\"https:\/\/www.lettereadioealluomo.com\/wordpress\/wp-content\/uploads\/2026\/08\/1000009178-979x1024.jpg\" alt=\"\" class=\"wp-image-1956 lazyload\" data-srcset=\"https:\/\/www.lettereadioealluomo.com\/wordpress\/wp-content\/uploads\/2026\/08\/1000009178-979x1024.jpg 979w, https:\/\/www.lettereadioealluomo.com\/wordpress\/wp-content\/uploads\/2026\/08\/1000009178-287x300.jpg 287w, https:\/\/www.lettereadioealluomo.com\/wordpress\/wp-content\/uploads\/2026\/08\/1000009178-768x803.jpg 768w, https:\/\/www.lettereadioealluomo.com\/wordpress\/wp-content\/uploads\/2026\/08\/1000009178-258x270.jpg 258w, https:\/\/www.lettereadioealluomo.com\/wordpress\/wp-content\/uploads\/2026\/08\/1000009178-1469x1536.jpg 1469w, https:\/\/www.lettereadioealluomo.com\/wordpress\/wp-content\/uploads\/2026\/08\/1000009178.jpg 1530w\" data-sizes=\"(max-width: 979px) 100vw, 979px\" src=\"data:image\/svg+xml;base64,PHN2ZyB3aWR0aD0iMSIgaGVpZ2h0PSIxIiB4bWxucz0iaHR0cDovL3d3dy53My5vcmcvMjAwMC9zdmciPjwvc3ZnPg==\" style=\"--smush-placeholder-width: 979px; --smush-placeholder-aspect-ratio: 979\/1024;\" \/><figcaption class=\"wp-element-caption\"><em><strong>Volvettaria, Cappello<\/strong> parte superiore con.le tonalit\u00e0 leggermente pi\u00f9 scure.<\/em><\/figcaption><\/figure>\n\n\n\n<figure class=\"wp-block-image size-large\"><img decoding=\"async\" width=\"1024\" height=\"787\" data-src=\"https:\/\/www.lettereadioealluomo.com\/wordpress\/wp-content\/uploads\/2026\/08\/1000009175-1024x787.jpg\" alt=\"\" class=\"wp-image-1957 lazyload\" data-srcset=\"https:\/\/www.lettereadioealluomo.com\/wordpress\/wp-content\/uploads\/2026\/08\/1000009175-1024x787.jpg 1024w, https:\/\/www.lettereadioealluomo.com\/wordpress\/wp-content\/uploads\/2026\/08\/1000009175-300x231.jpg 300w, https:\/\/www.lettereadioealluomo.com\/wordpress\/wp-content\/uploads\/2026\/08\/1000009175-767x590.jpg 767w, https:\/\/www.lettereadioealluomo.com\/wordpress\/wp-content\/uploads\/2026\/08\/1000009175-351x270.jpg 351w, https:\/\/www.lettereadioealluomo.com\/wordpress\/wp-content\/uploads\/2026\/08\/1000009175-1536x1181.jpg 1536w, https:\/\/www.lettereadioealluomo.com\/wordpress\/wp-content\/uploads\/2026\/08\/1000009175.jpg 1600w\" data-sizes=\"(max-width: 1024px) 100vw, 1024px\" src=\"data:image\/svg+xml;base64,PHN2ZyB3aWR0aD0iMSIgaGVpZ2h0PSIxIiB4bWxucz0iaHR0cDovL3d3dy53My5vcmcvMjAwMC9zdmciPjwvc3ZnPg==\" style=\"--smush-placeholder-width: 1024px; --smush-placeholder-aspect-ratio: 1024\/787;\" \/><figcaption class=\"wp-element-caption\"><em><strong>Volvettaria. Calza<\/strong>, Gambo e parte inferiore lamellata, del Cappello.<\/em><\/figcaption><\/figure>\n\n\n\n<figure class=\"wp-block-image size-large\"><img decoding=\"async\" width=\"1024\" height=\"768\" data-src=\"https:\/\/www.lettereadioealluomo.com\/wordpress\/wp-content\/uploads\/2026\/08\/1000009180-1024x768.jpg\" alt=\"\" class=\"wp-image-1958 lazyload\" data-srcset=\"https:\/\/www.lettereadioealluomo.com\/wordpress\/wp-content\/uploads\/2026\/08\/1000009180-1024x768.jpg 1024w, https:\/\/www.lettereadioealluomo.com\/wordpress\/wp-content\/uploads\/2026\/08\/1000009180-300x225.jpg 300w, https:\/\/www.lettereadioealluomo.com\/wordpress\/wp-content\/uploads\/2026\/08\/1000009180-768x576.jpg 768w, https:\/\/www.lettereadioealluomo.com\/wordpress\/wp-content\/uploads\/2026\/08\/1000009180-360x270.jpg 360w, https:\/\/www.lettereadioealluomo.com\/wordpress\/wp-content\/uploads\/2026\/08\/1000009180.jpg 1288w\" data-sizes=\"(max-width: 1024px) 100vw, 1024px\" src=\"data:image\/svg+xml;base64,PHN2ZyB3aWR0aD0iMSIgaGVpZ2h0PSIxIiB4bWxucz0iaHR0cDovL3d3dy53My5vcmcvMjAwMC9zdmciPjwvc3ZnPg==\" style=\"--smush-placeholder-width: 1024px; --smush-placeholder-aspect-ratio: 1024\/768;\" \/><figcaption class=\"wp-element-caption\"><em>Idem<\/em>.<\/figcaption><\/figure>\n\n\n\n<p class=\"has-text-align-center has-vivid-red-color has-text-color has-background has-link-color wp-elements-3 wp-block-paragraph\" style=\"background-color:#edffff\"><a href=\"#masthead\">Torna su<\/a><\/p>\n\n\n\n<p class=\"wp-block-paragraph\"><\/p>\n","protected":false},"excerpt":{"rendered":"<p>Home Index WordPress Gi\u00f9 Tra gli olivi nel periodo della raccolta delle olive, tra ottobre-novembre, approfittando delle erbe e del tritume depositato dai trinciaerba (fungo amicorizzico), cresce un fungo commestibile, di nome Volvettaria o Volvaria o Volvopluteus&#8230; Volvopluteus gloiocephalus . Attratto dalla sua frequenza e rustica bellezza, ho pensato di chiedere al popolo dei dintorni, come lo chiamasse e se era buono da mangiare. Ma nessuno seppe\u00a0 rispondermi. Nemmeno il campione dei cercatori di funghi,\u00a0 il barista chiamato &#8220;Massimo&#8221; ,&#8230;<\/p>\n<p class=\"read-more\"><a class=\"btn btn-default\" href=\"https:\/\/www.lettereadioealluomo.com\/wordpress\/volvettaria\/\">Leggi tutto<span class=\"screen-reader-text\"> Leggi tutto<\/span><\/a><\/p>\n","protected":false},"author":1,"featured_media":0,"parent":0,"menu_order":0,"comment_status":"closed","ping_status":"closed","template":"","meta":{"footnotes":""},"class_list":["post-1929","page","type-page","status-publish","hentry"],"_links":{"self":[{"href":"https:\/\/www.lettereadioealluomo.com\/wordpress\/wp-json\/wp\/v2\/pages\/1929","targetHints":{"allow":["GET"]}}],"collection":[{"href":"https:\/\/www.lettereadioealluomo.com\/wordpress\/wp-json\/wp\/v2\/pages"}],"about":[{"href":"https:\/\/www.lettereadioealluomo.com\/wordpress\/wp-json\/wp\/v2\/types\/page"}],"author":[{"embeddable":true,"href":"https:\/\/www.lettereadioealluomo.com\/wordpress\/wp-json\/wp\/v2\/users\/1"}],"replies":[{"embeddable":true,"href":"https:\/\/www.lettereadioealluomo.com\/wordpress\/wp-json\/wp\/v2\/comments?post=1929"}],"version-history":[{"count":31,"href":"https:\/\/www.lettereadioealluomo.com\/wordpress\/wp-json\/wp\/v2\/pages\/1929\/revisions"}],"predecessor-version":[{"id":1967,"href":"https:\/\/www.lettereadioealluomo.com\/wordpress\/wp-json\/wp\/v2\/pages\/1929\/revisions\/1967"}],"wp:attachment":[{"href":"https:\/\/www.lettereadioealluomo.com\/wordpress\/wp-json\/wp\/v2\/media?parent=1929"}],"curies":[{"name":"wp","href":"https:\/\/api.w.org\/{rel}","templated":true}]}}